{"id":7236,"date":"2023-03-22T08:28:50","date_gmt":"2023-03-22T12:58:50","guid":{"rendered":"http:\/172.16.1.56\/minhvi\/?page_id=7236"},"modified":"2025-01-20T13:11:14","modified_gmt":"2025-01-20T17:41:14","slug":"viceministerio-en-vivienda-y-desarrollo-urbano","status":"publish","type":"page","link":"https:\/\/www.minhvi.gob.ve\/minhvi\/?page_id=7236","title":{"rendered":"Viceministerio en Vivienda y Desarrollo Urbano"},"content":{"rendered":"\t\t<div data-elementor-type=\"wp-page\" data-elementor-id=\"7236\" class=\"elementor elementor-7236\" data-elementor-post-type=\"page\">\n\t\t\t\t\t\t<section class=\"elementor-section elementor-top-section elementor-element elementor-element-57bb0bf0 elementor-section-height-min-height elementor-section-boxed elementor-section-height-default elementor-section-items-middle wpr-particle-no wpr-jarallax-no wpr-parallax-no wpr-sticky-section-no wpr-equal-height-no\" data-id=\"57bb0bf0\" data-element_type=\"section\" data-e-type=\"section\" data-settings=\"{&quot;background_background&quot;:&quot;classic&quot;,&quot;motion_fx_motion_fx_scrolling&quot;:&quot;yes&quot;,&quot;motion_fx_translateY_effect&quot;:&quot;yes&quot;,&quot;motion_fx_translateY_speed&quot;:{&quot;unit&quot;:&quot;px&quot;,&quot;size&quot;:&quot;2&quot;,&quot;sizes&quot;:[]},&quot;motion_fx_translateY_affectedRange&quot;:{&quot;unit&quot;:&quot;%&quot;,&quot;size&quot;:&quot;&quot;,&quot;sizes&quot;:{&quot;start&quot;:&quot;0&quot;,&quot;end&quot;:&quot;50&quot;}},&quot;motion_fx_devices&quot;:[&quot;desktop&quot;,&quot;tablet&quot;,&quot;mobile&quot;]}\">\n\t\t\t\t\t\t<div class=\"elementor-container elementor-column-gap-default\">\n\t\t\t\t\t<div class=\"elementor-column elementor-col-100 elementor-top-column elementor-element elementor-element-3905db8\" data-id=\"3905db8\" data-element_type=\"column\" data-e-type=\"column\" data-settings=\"{&quot;background_background&quot;:&quot;classic&quot;}\">\n\t\t\t<div class=\"elementor-widget-wrap elementor-element-populated\">\n\t\t\t\t\t\t<section class=\"elementor-section elementor-inner-section elementor-element elementor-element-150bba46 elementor-section-height-min-height elementor-section-boxed elementor-section-height-default wpr-particle-no wpr-jarallax-no wpr-parallax-no wpr-sticky-section-no wpr-equal-height-no\" data-id=\"150bba46\" data-element_type=\"section\" data-e-type=\"section\" data-settings=\"{&quot;background_background&quot;:&quot;classic&quot;}\">\n\t\t\t\t\t\t<div class=\"elementor-container elementor-column-gap-default\">\n\t\t\t\t\t<div class=\"elementor-column elementor-col-50 elementor-inner-column elementor-element elementor-element-5831a51e\" data-id=\"5831a51e\" data-element_type=\"column\" data-e-type=\"column\" data-settings=\"{&quot;background_background&quot;:&quot;classic&quot;}\">\n\t\t\t<div class=\"elementor-widget-wrap elementor-element-populated\">\n\t\t\t\t\t\t<div class=\"elementor-element elementor-element-440db2d6 elementor-widget__width-initial elementor-widget elementor-widget-heading\" data-id=\"440db2d6\" data-element_type=\"widget\" data-e-type=\"widget\" data-widget_type=\"heading.default\">\n\t\t\t\t<div class=\"elementor-widget-container\">\n\t\t\t\t\t<h2 class=\"elementor-heading-title elementor-size-default\">Viceministerio en Vivienda y Desarrollo Urbano.<\/h2>\t\t\t\t<\/div>\n\t\t\t\t<\/div>\n\t\t\t\t\t<\/div>\n\t\t<\/div>\n\t\t\t\t<div class=\"elementor-column elementor-col-50 elementor-inner-column elementor-element elementor-element-517ce86d elementor-hidden-tablet elementor-hidden-mobile\" data-id=\"517ce86d\" data-element_type=\"column\" data-e-type=\"column\" data-settings=\"{&quot;background_background&quot;:&quot;classic&quot;}\">\n\t\t\t<div class=\"elementor-widget-wrap\">\n\t\t\t\t\t\t\t<\/div>\n\t\t<\/div>\n\t\t\t\t\t<\/div>\n\t\t<\/section>\n\t\t\t\t\t<\/div>\n\t\t<\/div>\n\t\t\t\t\t<\/div>\n\t\t<\/section>\n\t\t\t\t<section class=\"elementor-section elementor-top-section elementor-element elementor-element-119d886 elementor-section-boxed elementor-section-height-default elementor-section-height-default wpr-particle-no wpr-jarallax-no wpr-parallax-no wpr-sticky-section-no wpr-equal-height-no\" data-id=\"119d886\" data-element_type=\"section\" data-e-type=\"section\">\n\t\t\t\t\t\t<div class=\"elementor-container elementor-column-gap-default\">\n\t\t\t\t\t<div class=\"elementor-column elementor-col-100 elementor-top-column elementor-element elementor-element-d5239b0\" data-id=\"d5239b0\" data-element_type=\"column\" data-e-type=\"column\">\n\t\t\t<div class=\"elementor-widget-wrap elementor-element-populated\">\n\t\t\t\t\t\t<div class=\"elementor-element elementor-element-c196640 elementor-tabs-view-horizontal elementor-widget elementor-widget-tabs\" data-id=\"c196640\" data-element_type=\"widget\" data-e-type=\"widget\" data-widget_type=\"tabs.default\">\n\t\t\t\t<div class=\"elementor-widget-container\">\n\t\t\t\t\t\t\t<div class=\"elementor-tabs\">\n\t\t\t<div class=\"elementor-tabs-wrapper\" role=\"tablist\" >\n\t\t\t\t\t\t\t\t\t<div id=\"elementor-tab-title-2021\" class=\"elementor-tab-title elementor-tab-desktop-title\" aria-selected=\"true\" data-tab=\"1\" role=\"tab\" tabindex=\"0\" aria-controls=\"elementor-tab-content-2021\" aria-expanded=\"false\">Misi\u00f3n<\/div>\n\t\t\t\t\t\t\t\t\t<div id=\"elementor-tab-title-2022\" class=\"elementor-tab-title elementor-tab-desktop-title\" aria-selected=\"false\" data-tab=\"2\" role=\"tab\" tabindex=\"-1\" aria-controls=\"elementor-tab-content-2022\" aria-expanded=\"false\">Visi\u00f3n<\/div>\n\t\t\t\t\t\t\t\t\t<div id=\"elementor-tab-title-2023\" class=\"elementor-tab-title elementor-tab-desktop-title\" aria-selected=\"false\" data-tab=\"3\" role=\"tab\" tabindex=\"-1\" aria-controls=\"elementor-tab-content-2023\" aria-expanded=\"false\">Funciones<\/div>\n\t\t\t\t\t\t\t<\/div>\n\t\t\t<div class=\"elementor-tabs-content-wrapper\" role=\"tablist\" aria-orientation=\"vertical\">\n\t\t\t\t\t\t\t\t\t<div class=\"elementor-tab-title elementor-tab-mobile-title\" aria-selected=\"true\" data-tab=\"1\" role=\"tab\" tabindex=\"0\" aria-controls=\"elementor-tab-content-2021\" aria-expanded=\"false\">Misi\u00f3n<\/div>\n\t\t\t\t\t<div id=\"elementor-tab-content-2021\" class=\"elementor-tab-content elementor-clearfix\" data-tab=\"1\" role=\"tabpanel\" aria-labelledby=\"elementor-tab-title-2021\" tabindex=\"0\" hidden=\"false\"><p style=\"text-align: justify;\"><span style=\"font-size: 18px;\"><strong>Impulsar<\/strong> la pol\u00edtica nacional en materia de h\u00e1bitat\u00a0y vivienda, a trav\u00e9s de la planificaci\u00f3n estrat\u00e9gica de asentamientos humanos basada en estudios de ordenamiento urbano y pr\u00e1cticas ecol\u00f3gicas de la construcci\u00f3n, que garanticen el acceso a la vivienda digna en las diferentes regiones del pa\u00eds, garantizando el equilibrio social, econ\u00f3mico y ambiental de la sociedad venezolana, estableciendo criterios sustentables con car\u00e1cter socialista.<\/span><\/p><\/div>\n\t\t\t\t\t\t\t\t\t<div class=\"elementor-tab-title elementor-tab-mobile-title\" aria-selected=\"false\" data-tab=\"2\" role=\"tab\" tabindex=\"-1\" aria-controls=\"elementor-tab-content-2022\" aria-expanded=\"false\">Visi\u00f3n<\/div>\n\t\t\t\t\t<div id=\"elementor-tab-content-2022\" class=\"elementor-tab-content elementor-clearfix\" data-tab=\"2\" role=\"tabpanel\" aria-labelledby=\"elementor-tab-title-2022\" tabindex=\"0\" hidden=\"hidden\"><p><span style=\"font-size: 18px;\"><strong>Ser<\/strong> pioneros en consolidar las pol\u00edticas y lineamientos en materia de h\u00e1bitat y vivienda, a trav\u00e9s de la implementaci\u00f3n\u00a0de planes estrat\u00e9gicos efectivos para la conformaci\u00f3n de nuevas ciudades y urbanismos acordes a las necesidades de cada regi\u00f3n, respetando el ordenamiento territorial y mediante la innovaci\u00f3n de nuevas<strong> tecnolog\u00edas constructiva con insumos que apunten cada vez m\u00e1s hacia la sustentabilidad.<\/strong><\/span><\/p><\/div>\n\t\t\t\t\t\t\t\t\t<div class=\"elementor-tab-title elementor-tab-mobile-title\" aria-selected=\"false\" data-tab=\"3\" role=\"tab\" tabindex=\"-1\" aria-controls=\"elementor-tab-content-2023\" aria-expanded=\"false\">Funciones<\/div>\n\t\t\t\t\t<div id=\"elementor-tab-content-2023\" class=\"elementor-tab-content elementor-clearfix\" data-tab=\"3\" role=\"tabpanel\" aria-labelledby=\"elementor-tab-title-2023\" tabindex=\"0\" hidden=\"hidden\"><div style=\"text-align: center; color: #345; padding-top: 10px;\"><ul><li style=\"text-align: justify;\"><span style=\"font-size: 18px;\"><strong>Proponer, desarrollar, implementar y supervisar<\/strong> lo concerniente a los. pol\u00edticas y planes sectoriales en materia de h\u00e1bitat y vivienda en el marco del desarrollo arm\u00f3nico con respecto por la naturaleza y las pr\u00e1cticas ecosocialistas.<\/span><\/li><li style=\"text-align: justify;\"><span style=\"font-size: 18px;\"><strong>Proponer, desarrollar, implementar y supervisar<\/strong> la elaboraci\u00f3n de instrumentos de planificaci\u00f3n estrat\u00e9gico urbana y de vivienda, requeridos para el desarrollo arm\u00f3nico de los asentamientos humanos con respecto por la naturaleza y las practicas ecosocialistas.<\/span><\/li><li style=\"text-align: justify;\"><span style=\"font-size: 18px;\"><strong>Proponer, desarrollar, implementar y supervisar<\/strong> el desarrollo de h\u00e1bitat integral con accesibilidad plena, equipamientos urbanos, \u00e1reas libres y fuentes de trabajo con respecto por la naturaleza y las pr\u00e1cticas ecosocialistas.<\/span><\/li><li style=\"text-align: justify;\"><span style=\"font-size: 18px;\"><strong>Proponer, desarrollar, implementar y supervisar<\/strong> alianzas estrat\u00e9gicas nacionales e internacionales en materia de h\u00e1bitat y vivienda, en el marco del desarrollo arm\u00f3nico con respecto por la naturaleza y las pr\u00e1cticas ecosocialistas.<\/span><\/li><li style=\"text-align: justify;\"><span style=\"font-size: 18px;\"><strong>Consolidar<\/strong> informaci\u00f3n y producir estad\u00edsticas en el \u00e1rea de su incumbencia.<\/span><\/li><li style=\"text-align: justify;\"><span style=\"font-size: 18px;\">Las dem\u00e1s\u00a0funciones que le confieren las leyes, reglamentos, resoluciones y otros actos normativos en materia de su competencia.<\/span><\/li><\/ul><\/div><\/div>\n\t\t\t\t\t\t\t<\/div>\n\t\t<\/div>\n\t\t\t\t\t\t<\/div>\n\t\t\t\t<\/div>\n\t\t\t\t\t<\/div>\n\t\t<\/div>\n\t\t\t\t\t<\/div>\n\t\t<\/section>\n\t\t\t\t<\/div>\n\t\t","protected":false},"excerpt":{"rendered":"<p>Viceministerio en Vivienda y Desarrollo Urbano. Misi\u00f3n Visi\u00f3n Funciones Misi\u00f3n Impulsar la pol\u00edtica nacional en materia de h\u00e1bitat\u00a0y vivienda, a trav\u00e9s de la planificaci\u00f3n estrat\u00e9gica de asentamientos humanos basada en estudios de ordenamiento urbano y pr\u00e1cticas ecol\u00f3gicas de la construcci\u00f3n, que garanticen el acceso a la vivienda digna en las diferentes regiones del pa\u00eds, garantizando el equilibrio social, econ\u00f3mico y ambiental de la sociedad venezolana, estableciendo criterios sustentables con car\u00e1cter socialista. Visi\u00f3n Ser pioneros en consolidar las pol\u00edticas y lineamientos en materia de h\u00e1bitat y vivienda, a trav\u00e9s de la implementaci\u00f3n\u00a0de planes estrat\u00e9gicos efectivos para la conformaci\u00f3n de nuevas ciudades y urbanismos acordes a las necesidades de cada regi\u00f3n, respetando el ordenamiento territorial y mediante la innovaci\u00f3n de nuevas tecnolog\u00edas constructiva con insumos que apunten cada vez m\u00e1s hacia la sustentabilidad. Funciones Proponer, desarrollar, implementar y supervisar lo concerniente a los. pol\u00edticas y planes sectoriales en materia de h\u00e1bitat y vivienda en el marco del desarrollo arm\u00f3nico con respecto por la naturaleza y las pr\u00e1cticas ecosocialistas. Proponer, desarrollar, implementar y supervisar la elaboraci\u00f3n de instrumentos de planificaci\u00f3n estrat\u00e9gico urbana y de vivienda, requeridos para el desarrollo arm\u00f3nico de los asentamientos humanos con respecto por la naturaleza y las practicas ecosocialistas. Proponer, desarrollar, implementar y supervisar el desarrollo de h\u00e1bitat integral con accesibilidad plena, equipamientos urbanos, \u00e1reas libres y fuentes de trabajo con respecto por la naturaleza y las pr\u00e1cticas ecosocialistas. Proponer, desarrollar, implementar y supervisar alianzas estrat\u00e9gicas nacionales e internacionales en materia de h\u00e1bitat y vivienda, en el marco del desarrollo arm\u00f3nico con respecto por la naturaleza y las pr\u00e1cticas ecosocialistas. Consolidar informaci\u00f3n y producir estad\u00edsticas en el \u00e1rea de su incumbencia. Las dem\u00e1s\u00a0funciones que le confieren las leyes, reglamentos, resoluciones y otros actos normativos en materia de su competencia.<\/p>\n","protected":false},"author":7,"featured_media":0,"parent":0,"menu_order":0,"comment_status":"closed","ping_status":"closed","template":"elementor_header_footer","meta":{"footnotes":""},"class_list":["post-7236","page","type-page","status-publish","hentry"],"_links":{"self":[{"href":"https:\/\/www.minhvi.gob.ve\/minhvi\/index.php?rest_route=\/wp\/v2\/pages\/7236","targetHints":{"allow":["GET"]}}],"collection":[{"href":"https:\/\/www.minhvi.gob.ve\/minhvi\/index.php?rest_route=\/wp\/v2\/pages"}],"about":[{"href":"https:\/\/www.minhvi.gob.ve\/minhvi\/index.php?rest_route=\/wp\/v2\/types\/page"}],"author":[{"embeddable":true,"href":"https:\/\/www.minhvi.gob.ve\/minhvi\/index.php?rest_route=\/wp\/v2\/users\/7"}],"replies":[{"embeddable":true,"href":"https:\/\/www.minhvi.gob.ve\/minhvi\/index.php?rest_route=%2Fwp%2Fv2%2Fcomments&post=7236"}],"version-history":[{"count":0,"href":"https:\/\/www.minhvi.gob.ve\/minhvi\/index.php?rest_route=\/wp\/v2\/pages\/7236\/revisions"}],"wp:attachment":[{"href":"https:\/\/www.minhvi.gob.ve\/minhvi\/index.php?rest_route=%2Fwp%2Fv2%2Fmedia&parent=7236"}],"curies":[{"name":"wp","href":"https:\/\/api.w.org\/{rel}","templated":true}]}}